{"id":221919,"date":"2022-03-01T18:10:14","date_gmt":"2022-03-01T17:10:14","guid":{"rendered":"https:\/\/editorialalegoria.com\/web\/?page_id=221919"},"modified":"2026-04-22T12:03:08","modified_gmt":"2026-04-22T10:03:08","slug":"oratoria-y-debate","status":"publish","type":"page","link":"https:\/\/editorialalegoria.com\/web\/oratoria-y-debate\/","title":{"rendered":"Oratoria y Debate"},"content":{"rendered":"<p>[et_pb_section fb_built=\u00bb1&#8243; admin_label=\u00bbHero Section\u00bb _builder_version=\u00bb4.16&#8243; background_color=\u00bb#F4EDE6&#8243; background_image=\u00bbhttps:\/\/editorialalegoria.com\/web\/wp-content\/uploads\/fondo-oratoria-debate.jpg\u00bb background_blend=\u00bblighten\u00bb custom_margin_tablet=\u00bb\u00bb custom_margin_phone=\u00bb0px|0px|0px|0px\u00bb custom_margin_last_edited=\u00bbon|phone\u00bb custom_padding=\u00bb35px|0px|17px|0px||\u00bb collapsed=\u00bboff\u00bb global_colors_info=\u00bb{}\u00bb][et_pb_row column_structure=\u00bb1_2,1_2&#8243; _builder_version=\u00bb4.16&#8243; width=\u00bb90%\u00bb width_tablet=\u00bb\u00bb width_phone=\u00bb82%\u00bb width_last_edited=\u00bbon|phone\u00bb max_width=\u00bb1280px\u00bb custom_padding=\u00bb||8px|||\u00bb use_custom_width=\u00bbon\u00bb custom_width_px=\u00bb1280px\u00bb collapsed=\u00bboff\u00bb global_colors_info=\u00bb{}\u00bb][et_pb_column type=\u00bb1_2&#8243; _builder_version=\u00bb4.16&#8243; custom_padding=\u00bb|||\u00bb global_colors_info=\u00bb{}\u00bb custom_padding__hover=\u00bb|||\u00bb][et_pb_image src=\u00bbhttps:\/\/editorialalegoria.com\/web\/wp-content\/uploads\/ZOHO-ORATORIA-2024-1.png\u00bb alt=\u00bbMaterial acad\u00e9mico que forma parte de un proyecto orientado a formar buenos oradores y participantes activos en el debate acad\u00e9mico.\u00bb title_text=\u00bbZOHO ORATORIA 2024&#8243; url=\u00bbhttps:\/\/editorialalegoria.com\/web\/libro\/oratoria-y-debate-1-iniciacion\/\u00bb align=\u00bbcenter\u00bb align_tablet=\u00bbcenter\u00bb align_phone=\u00bbleft\u00bb align_last_edited=\u00bbon|desktop\u00bb _builder_version=\u00bb4.23.1&#8243; custom_margin=\u00bb||-28px|2px||\u00bb animation_style=\u00bbslide\u00bb animation_direction=\u00bbright\u00bb animation_intensity_slide=\u00bb4%\u00bb hover_enabled=\u00bb0&#8243; animation=\u00bboff\u00bb global_colors_info=\u00bb{}\u00bb sticky_enabled=\u00bb0&#8243;][\/et_pb_image][et_pb_text _builder_version=\u00bb4.27.5&#8243; _module_preset=\u00bbdefault\u00bb custom_margin=\u00bb5px|5px|5px|5px|false|false\u00bb hover_enabled=\u00bb0&#8243; global_colors_info=\u00bb{}\u00bb sticky_enabled=\u00bb0&#8243;]<\/p>\n<h3>\u00a0<\/h3>\n<h3>\u00a0<\/h3>\n<h3>\u00a0<\/h3>\n<h3>\u00a0<\/h3>\n<h3><strong>ISBN ORATORIA Y DEBATE<\/strong><\/h3>\n<ul>\n<li><strong>Oratoria y Debate 1. Nivel iniciaci\u00f3n<\/strong>: 978-84-15380-93-1\u00a0 <strong>(34 \u20ac)<\/strong> <a href=\"https:\/\/editorialalegoria.com\/web\/libro\/oratoria-y-debate-1-iniciacion\/\">COMPRAR AQU\u00cd<\/a><\/li>\n<li><strong>Oratoria y Debate 2. Nivel medio<\/strong>: 978-84-15380-94-8.\u00a0<strong>(34 \u20ac)\u00a0<\/strong> <a href=\"https:\/\/editorialalegoria.com\/web\/libro\/oratoria-y-debate-2-nivel-medio\/\">COMPRAR AQU\u00cd<\/a><\/li>\n<li><strong>Oratoria y Debate 3. Nivel avanzado<\/strong>: 978-84-15380-99-3\u00a0<strong>(34 \u20ac)\u00a0 <\/strong><a href=\"https:\/\/editorialalegoria.com\/web\/libro\/oratoria-y-debate-3-nivel-avanzado\/\">COMPRAR AQU\u00cd<\/a><\/li>\n<\/ul>\n<p>[\/et_pb_text][\/et_pb_column][et_pb_column type=\u00bb1_2&#8243; _builder_version=\u00bb4.16&#8243; custom_padding=\u00bb40px||40px|\u00bb global_colors_info=\u00bb{}\u00bb custom_padding__hover=\u00bb|||\u00bb][et_pb_text admin_label=\u00bbSubtitle\u00bb _builder_version=\u00bb4.25.1&#8243; text_font=\u00bbRoboto|||on|||||\u00bb text_text_color=\u00bb#494949&#8243; text_font_size=\u00bb19px\u00bb text_letter_spacing=\u00bb1px\u00bb custom_margin=\u00bb-3px|||||\u00bb animation_style=\u00bbzoom\u00bb animation_direction=\u00bbleft\u00bb animation_intensity_zoom=\u00bb10%\u00bb global_colors_info=\u00bb{}\u00bb]<\/p>\n<p>A la venta los tres niveles: iniciaci\u00f3n, medio y avanzado.<\/p>\n<p>[\/et_pb_text][et_pb_text admin_label=\u00bbTitle\u00bb _builder_version=\u00bb4.16&#8243; text_font=\u00bb||||||||\u00bb header_font=\u00bb||||||||\u00bb header_2_font=\u00bbRoboto|700||on|||||\u00bb header_2_text_color=\u00bb#b52c86&#8243; header_2_font_size=\u00bb34px\u00bb header_2_letter_spacing=\u00bb1px\u00bb header_2_line_height=\u00bb1.3em\u00bb custom_margin=\u00bb||20px|\u00bb custom_padding=\u00bb|||\u00bb animation_style=\u00bbzoom\u00bb animation_direction=\u00bbleft\u00bb animation_delay=\u00bb50ms\u00bb animation_intensity_zoom=\u00bb10%\u00bb header_2_font_size_tablet=\u00bb40px\u00bb header_2_font_size_phone=\u00bb33px\u00bb header_2_font_size_last_edited=\u00bbon|desktop\u00bb global_colors_info=\u00bb{}\u00bb]<\/p>\n<h2>oratoria y debate<\/h2>\n<p>[\/et_pb_text][et_pb_text _builder_version=\u00bb4.25.1&#8243; text_font=\u00bb||||||||\u00bb text_font_size=\u00bb17px\u00bb header_font=\u00bb||||||||\u00bb header_2_font=\u00bb|600|||||||\u00bb header_2_text_color=\u00bb#b52c86&#8243; custom_margin=\u00bb|||\u00bb custom_padding=\u00bb|||\u00bb animation_style=\u00bbzoom\u00bb animation_direction=\u00bbleft\u00bb animation_delay=\u00bb100ms\u00bb animation_intensity_zoom=\u00bb10%\u00bb global_colors_info=\u00bb{}\u00bb]<\/p>\n<h2><em>Oratoria y Debate<\/em> es un proyecto original de Editorial Alegor\u00eda que pretende aportar los recursos necesarios para impartir esta materia en cualquier comunidad de Espa\u00f1a.<\/h2>\n<p>Consta de <strong>tres vol\u00famenes<\/strong> correspondientes al nivel iniciaci\u00f3n, nivel medio y nivel avanzado (<a href=\"https:\/\/editorialalegoria.com\/web\/libro\/oratoria-y-debate-1-iniciacion\/\"><em>Oratoria y Debate 1<\/em><\/a>, <a href=\"https:\/\/editorialalegoria.com\/web\/libro\/oratoria-y-debate-2-nivel-medio\/\"><em>Oratoria y Debate 2<\/em><\/a> y <a href=\"https:\/\/editorialalegoria.com\/web\/libro\/oratoria-y-debate-3-nivel-avanzado\/\"><em>Oratoria y Debate 3<\/em><\/a>).<\/p>\n<p>La filosof\u00eda que recorre estos manuales es proporcionar recursos te\u00f3ricos y pr\u00e1cticos para que el alumnado mejore su capacidad discursiva, tanto por escrito como oralmente.<\/p>\n<p><strong>El nivel medio contiene un m\u00e9todo completo y nuevo de exposici\u00f3n oral<\/strong>. Es \u00fatil tanto para alumnos que ya han trabajado con Oratoria y Debate 1. Nivel iniciaci\u00f3n, como para alumnos que, estando en cursos avanzados, se enfrente por vez primera a la materia: los contenidos se retoman en este nivel medio para que sirvan de repaso y tambi\u00e9n de introducci\u00f3n.<\/p>\n<p>[\/et_pb_text][et_pb_text disabled_on=\u00bboff|off|off\u00bb admin_label=\u00bbPrice\u00bb _builder_version=\u00bb4.27.5&#8243; text_font=\u00bb||||||||\u00bb text_text_color=\u00bb#b52c86&#8243; text_font_size=\u00bb20px\u00bb text_line_height=\u00bb1.2em\u00bb min_height_tablet=\u00bb\u00bb min_height_phone=\u00bb\u00bb min_height_last_edited=\u00bbon|desktop\u00bb custom_margin=\u00bb0px||0px||true|false\u00bb custom_padding=\u00bb||0px|||\u00bb animation_style=\u00bbzoom\u00bb animation_direction=\u00bbleft\u00bb animation_delay=\u00bb150ms\u00bb animation_intensity_zoom=\u00bb10%\u00bb link_option_url=\u00bbhttps:\/\/editorialalegoria.hflip.co\/de2a598c7c.html\u00bb global_colors_info=\u00bb{}\u00bb]<\/p>\n<p><span style=\"color: #3c34db;\"><strong>Hojea ampliamente el nivel inicial:<\/strong><\/span><\/p>\n<ul>\n<li><a href=\"https:\/\/editorialalegoria.hflip.co\/64948e94ac.html\" target=\"_blank\" rel=\"noopener\"><strong><span style=\"color: #800000;\">Oratoria y Debate 1.<\/span> <span style=\"text-decoration: underline; color: #5435dd;\"><span style=\"color: #0000ff; text-decoration: underline;\">ENTRA AL LIBRO<\/span><\/span><\/strong><\/a><\/li>\n<\/ul>\n<p>[\/et_pb_text][et_pb_text disabled_on=\u00bboff|off|off\u00bb admin_label=\u00bbPrice\u00bb _builder_version=\u00bb4.27.5&#8243; text_font=\u00bb||||||||\u00bb text_text_color=\u00bb#b52c86&#8243; text_font_size=\u00bb20px\u00bb text_line_height=\u00bb1.3em\u00bb min_height=\u00bb70px\u00bb custom_margin=\u00bb||14px|||\u00bb custom_padding=\u00bb||0px|||\u00bb animation_style=\u00bbzoom\u00bb animation_direction=\u00bbleft\u00bb animation_delay=\u00bb150ms\u00bb animation_intensity_zoom=\u00bb10%\u00bb link_option_url=\u00bbhttps:\/\/editorialalegoria.hflip.co\/de2a598c7c.html\u00bb global_colors_info=\u00bb{}\u00bb]<\/p>\n<p><span style=\"color: #3c34db;\"><strong>Hojea ampliamente el nivel medio:<\/strong><\/span><\/p>\n<ul>\n<li><a href=\"https:\/\/editorialalegoria.hflip.co\/8863991554.html\" target=\"_blank\" rel=\"noopener\"><strong><span style=\"color: #5435dd;\"><span style=\"color: #800000;\">Oratoria y Debate 2. <\/span><\/span><span style=\"text-decoration: underline; color: #0000ff;\">ENTRA AL LIBRO<\/span><\/strong><\/a><\/li>\n<\/ul>\n<p>[\/et_pb_text][et_pb_text disabled_on=\u00bboff|off|off\u00bb admin_label=\u00bbPrice\u00bb _builder_version=\u00bb4.27.5&#8243; text_font=\u00bb||||||||\u00bb text_text_color=\u00bb#b52c86&#8243; text_font_size=\u00bb20px\u00bb text_line_height=\u00bb1.3em\u00bb min_height=\u00bb70px\u00bb custom_margin=\u00bb||14px|||\u00bb custom_padding=\u00bb||0px|||\u00bb animation_style=\u00bbzoom\u00bb animation_direction=\u00bbleft\u00bb animation_delay=\u00bb150ms\u00bb animation_intensity_zoom=\u00bb10%\u00bb link_option_url=\u00bbhttps:\/\/editorialalegoria.hflip.co\/f86e200c1d.html\u00bb global_colors_info=\u00bb{}\u00bb]<\/p>\n<p><span style=\"color: #3c34db;\"><strong>Hojea ampliamente el nivel avanzado:<\/strong><\/span><\/p>\n<ul>\n<li><a href=\"https:\/\/editorialalegoria.hflip.co\/f86e200c1d.html\" target=\"_blank\" rel=\"noopener\"><strong><span style=\"color: #5435dd;\"><span style=\"color: #800000;\">Oratoria y Debate 3. <\/span><\/span><span style=\"text-decoration: underline; color: #0000ff;\">ENTRA AL LIBRO<\/span><\/strong><\/a><\/li>\n<\/ul>\n<p>[\/et_pb_text][et_pb_divider show_divider=\u00bboff\u00bb _builder_version=\u00bb4.25.1&#8243; _module_preset=\u00bbdefault\u00bb global_colors_info=\u00bb{}\u00bb][\/et_pb_divider][et_pb_button button_url=\u00bbhttps:\/\/zfrmz.eu\/z95Cja05VcKCR679ftuS\u00bb button_text=\u00bbCENTROS ESCOLARES. Compra tus ejemplares de Oratoria y Debate (solicitud de factura y pago con transferencia)\u00bb _builder_version=\u00bb4.21.0&#8243; custom_button=\u00bbon\u00bb button_text_size=\u00bb18px\u00bb button_text_color=\u00bb#E8F5E9&#8243; button_bg_color=\u00bb#E04F00&#8243; button_border_color=\u00bb#0000002a2a2a\u00bb button_border_radius=\u00bb15px\u00bb button_letter_spacing=\u00bb1px\u00bb button_font=\u00bb||||||||\u00bb button_use_icon=\u00bboff\u00bb custom_padding=\u00bb4px||||false|false\u00bb animation_style=\u00bbzoom\u00bb animation_direction=\u00bbleft\u00bb animation_delay=\u00bb200ms\u00bb animation_intensity_zoom=\u00bb10%\u00bb button_text_color_hover=\u00bb#ffffff\u00bb button_border_color_hover=\u00bb#ffb500&#8243; button_border_radius_hover=\u00bb30px\u00bb button_letter_spacing_hover=\u00bb2px\u00bb button_bg_color_hover=\u00bb#ffb500&#8243; global_colors_info=\u00bb{}\u00bb button_text_size__hover_enabled=\u00bboff\u00bb button_one_text_size__hover_enabled=\u00bboff\u00bb button_two_text_size__hover_enabled=\u00bboff\u00bb button_text_color__hover_enabled=\u00bbon|hover\u00bb button_text_color__hover=\u00bb#FFFFFF\u00bb button_one_text_color__hover_enabled=\u00bboff\u00bb button_two_text_color__hover_enabled=\u00bboff\u00bb button_border_width__hover_enabled=\u00bboff\u00bb button_one_border_width__hover_enabled=\u00bboff\u00bb button_two_border_width__hover_enabled=\u00bboff\u00bb button_border_color__hover_enabled=\u00bbon\u00bb button_border_color__hover=\u00bb#FFFFFF\u00bb button_one_border_color__hover_enabled=\u00bboff\u00bb button_two_border_color__hover_enabled=\u00bboff\u00bb button_border_radius__hover_enabled=\u00bbon\u00bb button_border_radius__hover=\u00bb30px\u00bb button_one_border_radius__hover_enabled=\u00bboff\u00bb button_two_border_radius__hover_enabled=\u00bboff\u00bb button_letter_spacing__hover_enabled=\u00bbon\u00bb button_letter_spacing__hover=\u00bb2px\u00bb button_one_letter_spacing__hover_enabled=\u00bboff\u00bb button_two_letter_spacing__hover_enabled=\u00bboff\u00bb button_bg_color__hover_enabled=\u00bbon\u00bb button_bg_color__hover=\u00bb#494949&#8243; button_one_bg_color__hover_enabled=\u00bboff\u00bb button_two_bg_color__hover_enabled=\u00bboff\u00bb button_bg_enable_color__hover=\u00bbon\u00bb][\/et_pb_button][et_pb_button button_url=\u00bbhttps:\/\/editorialalegoria.com\/web\/zona-profesores\/\u00bb button_text=\u00bbSOLICITA los RECURSOS DEL PROFESOR (solo jefes de departamento de CENTROS CLIENTES)\u00bb _builder_version=\u00bb4.25.1&#8243; custom_button=\u00bbon\u00bb button_text_size=\u00bb18px\u00bb button_text_color=\u00bb#FFFFFF\u00bb button_bg_color=\u00bb#21A2F2&#8243; button_border_color=\u00bb#0000002a2a2a\u00bb button_border_radius=\u00bb15px\u00bb button_letter_spacing=\u00bb1px\u00bb button_font=\u00bb||||||||\u00bb button_use_icon=\u00bboff\u00bb animation_style=\u00bbzoom\u00bb animation_direction=\u00bbleft\u00bb animation_delay=\u00bb200ms\u00bb animation_intensity_zoom=\u00bb10%\u00bb button_text_color_hover=\u00bb#ffffff\u00bb button_border_color_hover=\u00bb#ffb500&#8243; button_border_radius_hover=\u00bb30px\u00bb button_letter_spacing_hover=\u00bb2px\u00bb button_bg_color_hover=\u00bb#ffb500&#8243; global_colors_info=\u00bb{}\u00bb button_text_size__hover_enabled=\u00bboff\u00bb button_one_text_size__hover_enabled=\u00bboff\u00bb button_two_text_size__hover_enabled=\u00bboff\u00bb button_text_color__hover_enabled=\u00bbon|hover\u00bb button_text_color__hover=\u00bb#FFFFFF\u00bb button_one_text_color__hover_enabled=\u00bboff\u00bb button_two_text_color__hover_enabled=\u00bboff\u00bb button_border_width__hover_enabled=\u00bboff\u00bb button_one_border_width__hover_enabled=\u00bboff\u00bb button_two_border_width__hover_enabled=\u00bboff\u00bb button_border_color__hover_enabled=\u00bbon\u00bb button_border_color__hover=\u00bb#FFFFFF\u00bb button_one_border_color__hover_enabled=\u00bboff\u00bb button_two_border_color__hover_enabled=\u00bboff\u00bb button_border_radius__hover_enabled=\u00bbon\u00bb button_border_radius__hover=\u00bb30px\u00bb button_one_border_radius__hover_enabled=\u00bboff\u00bb button_two_border_radius__hover_enabled=\u00bboff\u00bb button_letter_spacing__hover_enabled=\u00bbon\u00bb button_letter_spacing__hover=\u00bb2px\u00bb button_one_letter_spacing__hover_enabled=\u00bboff\u00bb button_two_letter_spacing__hover_enabled=\u00bboff\u00bb button_bg_color__hover_enabled=\u00bbon\u00bb button_bg_color__hover=\u00bb#494949&#8243; button_one_bg_color__hover_enabled=\u00bboff\u00bb button_two_bg_color__hover_enabled=\u00bboff\u00bb button_bg_enable_color__hover=\u00bbon\u00bb][\/et_pb_button][et_pb_button button_url=\u00bb#masinfo\u00bb button_text=\u00bbSolicita un ejemplar promocional: env\u00edos de primavera f\u00edsicos o acceso digital\u00bb _builder_version=\u00bb4.25.1&#8243; custom_button=\u00bbon\u00bb button_text_size=\u00bb18px\u00bb button_text_color=\u00bb#FFFFFF\u00bb button_bg_color=\u00bb#2CB55C\u00bb button_border_color=\u00bb#0000002a2a2a\u00bb button_border_radius=\u00bb15px\u00bb button_letter_spacing=\u00bb1px\u00bb button_font=\u00bb||||||||\u00bb button_use_icon=\u00bboff\u00bb animation_style=\u00bbzoom\u00bb animation_direction=\u00bbleft\u00bb animation_delay=\u00bb200ms\u00bb animation_intensity_zoom=\u00bb10%\u00bb button_text_color_hover=\u00bb#ffffff\u00bb button_border_color_hover=\u00bb#ffb500&#8243; button_border_radius_hover=\u00bb30px\u00bb button_letter_spacing_hover=\u00bb2px\u00bb button_bg_color_hover=\u00bb#ffb500&#8243; global_colors_info=\u00bb{}\u00bb button_text_size__hover_enabled=\u00bboff\u00bb button_one_text_size__hover_enabled=\u00bboff\u00bb button_two_text_size__hover_enabled=\u00bboff\u00bb button_text_color__hover_enabled=\u00bbon|hover\u00bb button_text_color__hover=\u00bb#FFFFFF\u00bb button_one_text_color__hover_enabled=\u00bboff\u00bb button_two_text_color__hover_enabled=\u00bboff\u00bb button_border_width__hover_enabled=\u00bboff\u00bb button_one_border_width__hover_enabled=\u00bboff\u00bb button_two_border_width__hover_enabled=\u00bboff\u00bb button_border_color__hover_enabled=\u00bbon\u00bb button_border_color__hover=\u00bb#FFFFFF\u00bb button_one_border_color__hover_enabled=\u00bboff\u00bb button_two_border_color__hover_enabled=\u00bboff\u00bb button_border_radius__hover_enabled=\u00bbon\u00bb button_border_radius__hover=\u00bb30px\u00bb button_one_border_radius__hover_enabled=\u00bboff\u00bb button_two_border_radius__hover_enabled=\u00bboff\u00bb button_letter_spacing__hover_enabled=\u00bbon\u00bb button_letter_spacing__hover=\u00bb2px\u00bb button_one_letter_spacing__hover_enabled=\u00bboff\u00bb button_two_letter_spacing__hover_enabled=\u00bboff\u00bb button_bg_color__hover_enabled=\u00bbon\u00bb button_bg_color__hover=\u00bb#494949&#8243; button_one_bg_color__hover_enabled=\u00bboff\u00bb button_two_bg_color__hover_enabled=\u00bboff\u00bb button_bg_enable_color__hover=\u00bbon\u00bb][\/et_pb_button][\/et_pb_column][\/et_pb_row][\/et_pb_section][et_pb_section fb_built=\u00bb1&#8243; _builder_version=\u00bb4.16&#8243; _module_preset=\u00bbdefault\u00bb background_color=\u00bb#F4EDE6&#8243; custom_padding=\u00bb28px|||||\u00bb global_colors_info=\u00bb{}\u00bb][et_pb_row column_structure=\u00bb3_5,2_5&#8243; _builder_version=\u00bb4.16&#8243; _module_preset=\u00bbdefault\u00bb global_colors_info=\u00bb{}\u00bb][et_pb_column type=\u00bb3_5&#8243; _builder_version=\u00bb4.16&#8243; _module_preset=\u00bbdefault\u00bb global_colors_info=\u00bb{}\u00bb][et_pb_text _builder_version=\u00bb4.16&#8243; text_font=\u00bb||||||||\u00bb text_line_height=\u00bb1.8em\u00bb header_2_text_color=\u00bb#b52c86&#8243; header_2_font_size=\u00bb27px\u00bb header_2_line_height=\u00bb1.4em\u00bb header_3_font=\u00bb|600|||||||\u00bb header_3_text_color=\u00bb#b52c86&#8243; header_3_font_size=\u00bb20px\u00bb header_3_line_height=\u00bb1.3em\u00bb max_width_tablet=\u00bb\u00bb max_width_phone=\u00bb\u00bb max_width_last_edited=\u00bbon|desktop\u00bb custom_margin=\u00bb||8px||false|false\u00bb animation_style=\u00bbfade\u00bb global_colors_info=\u00bb{}\u00bb]<\/p>\n<h2>Organizaci\u00f3n de <em>Oratoria y Debate 1<\/em><\/h2>\n<p>[\/et_pb_text][et_pb_text _builder_version=\u00bb4.16&#8243; text_font=\u00bb||||||||\u00bb text_line_height=\u00bb1.8em\u00bb header_3_font=\u00bb|600|||||||\u00bb header_3_text_color=\u00bb#b52c86&#8243; header_3_font_size=\u00bb20px\u00bb header_3_line_height=\u00bb1.3em\u00bb max_width_tablet=\u00bb\u00bb max_width_phone=\u00bb\u00bb max_width_last_edited=\u00bbon|desktop\u00bb custom_margin=\u00bb||8px||false|false\u00bb animation_style=\u00bbfade\u00bb global_colors_info=\u00bb{}\u00bb]<\/p>\n<h3>Este primer volumen consta de 6 unidades de Oratoria<br \/>y otras 6 unidades de Debate, pensadas para ser impartidas en unas sesenta sesiones.<\/h3>\n<p>Atendiendo a las exigencias de la asignatura, hemos organizado los contenidos en <strong>doce unidades<\/strong> y en <strong>tres bloques de contenido<\/strong>:<\/p>\n<ul>\n<li>Bloque 1. <strong>El discurso persuasivo escrito<\/strong><\/li>\n<li>Bloque 2. <strong>El discurso persuasivo oral<\/strong><\/li>\n<li>Bloque 3. <strong>El debate<\/strong><\/li>\n<\/ul>\n<p>En cada unidad aparecen los dos primeros bloques; dentro de cada bloque combinamos teor\u00eda y pr\u00e1ctica. Al final de las 6 unidades, aparece \u00edntegro el Bloque 3. Debate (unidades 7-12)<\/p>\n<p>[\/et_pb_text][\/et_pb_column][et_pb_column type=\u00bb2_5&#8243; _builder_version=\u00bb4.16&#8243; _module_preset=\u00bbdefault\u00bb global_colors_info=\u00bb{}\u00bb][et_pb_image src=\u00bbhttps:\/\/editorialalegoria.com\/web\/wp-content\/uploads\/oratoria-y-debate-1-editorial-alegoria.jpg\u00bb alt=\u00bbOratoria y Debate 1. Iniciaci\u00f3n\u00bb title_text=\u00bbOratoria y Debate 1. Iniciaci\u00f3n\u00bb url=\u00bbhttps:\/\/editorialalegoria.com\/web\/libro\/oratoria-y-debate-1-iniciacion\/\u00bb align_tablet=\u00bbcenter\u00bb align_phone=\u00bb\u00bb align_last_edited=\u00bbon|desktop\u00bb _builder_version=\u00bb4.16&#8243; width=\u00bb65%\u00bb module_alignment=\u00bbcenter\u00bb custom_margin=\u00bb||6%|\u00bb animation_style=\u00bbslide\u00bb animation_direction=\u00bbbottom\u00bb animation_intensity_slide=\u00bb2%\u00bb box_shadow_style=\u00bbpreset1&#8243; global_colors_info=\u00bb{}\u00bb][\/et_pb_image][\/et_pb_column][\/et_pb_row][\/et_pb_section][et_pb_section fb_built=\u00bb1&#8243; admin_label=\u00bbFeatured Items\u00bb _builder_version=\u00bb4.16&#8243; background_color=\u00bb#FFFFFF\u00bb custom_margin_tablet=\u00bb\u00bb custom_margin_phone=\u00bb0px|0px|0px|0px\u00bb custom_margin_last_edited=\u00bbon|desktop\u00bb collapsed=\u00bboff\u00bb global_colors_info=\u00bb{}\u00bb][et_pb_row column_structure=\u00bb1_2,1_2&#8243; use_custom_gutter=\u00bbon\u00bb make_equal=\u00bbon\u00bb _builder_version=\u00bb4.16&#8243; custom_padding=\u00bb15px|0px|0px|0px||\u00bb global_colors_info=\u00bb{}\u00bb][et_pb_column type=\u00bb1_2&#8243; _builder_version=\u00bb4.16&#8243; custom_padding=\u00bb3%||3%||true|false\u00bb global_colors_info=\u00bb{}\u00bb custom_padding__hover=\u00bb|||\u00bb][et_pb_text _builder_version=\u00bb4.16&#8243; text_font=\u00bb||||||||\u00bb text_line_height=\u00bb1.8em\u00bb header_2_font=\u00bb|600|||||||\u00bb header_2_text_color=\u00bb#b52c86&#8243; header_3_font=\u00bb|600|||||||\u00bb header_3_text_color=\u00bb#b52c86&#8243; header_3_font_size=\u00bb20px\u00bb header_3_line_height=\u00bb1.3em\u00bb max_width_tablet=\u00bb\u00bb max_width_phone=\u00bb\u00bb max_width_last_edited=\u00bbon|desktop\u00bb custom_margin=\u00bb||8px||false|false\u00bb animation_style=\u00bbfade\u00bb global_colors_info=\u00bb{}\u00bb]<\/p>\n<h2>Contenido de las unidades<\/h2>\n<p>[\/et_pb_text][et_pb_text _builder_version=\u00bb4.16&#8243; text_font=\u00bb||||||||\u00bb text_line_height=\u00bb1.8em\u00bb header_3_font=\u00bb|600|||||||\u00bb header_3_text_color=\u00bb#b52c86&#8243; header_3_font_size=\u00bb20px\u00bb header_3_line_height=\u00bb1.3em\u00bb max_width_tablet=\u00bb\u00bb max_width_phone=\u00bb\u00bb max_width_last_edited=\u00bbon|desktop\u00bb custom_margin=\u00bb||3px||false|false\u00bb animation_style=\u00bbfade\u00bb global_colors_info=\u00bb{}\u00bb]<\/p>\n<ul>\n<li>En cada unidad comenzamos proporcionando <strong>herramientas te\u00f3ricas b\u00e1sicas<\/strong> (conceptos generales, la argumentaci\u00f3n, las falacias, estructura del texto persuasivo, recursos ling\u00fc\u00edsticos, etc.) y, paralelamente, preparamos al alumno para la puesta en escena del<strong> discurso persuasivo<\/strong> <strong>oral<\/strong> (gesti\u00f3n de las emociones en la expresi\u00f3n oral, manejo del lenguaje corporal, dicci\u00f3n, etc.).<\/li>\n<li>Puesto que el alumnado debe interiorizar las herramientas para desarrollar correctamente su expresi\u00f3n oral, <strong>incluimos numerosos recursos audiovisuales que ayudar\u00e1n a aprender por imitaci\u00f3n<\/strong> (y tambi\u00e9n a desechar los ejemplos <em>ex contrario<\/em>).<\/li>\n<li>El discurso persuasivo escrito y el discurso persuasivo oral se completan con el <strong>bloque 3 de Debate<\/strong>, espec\u00edficamente <strong>orientado a la preparaci\u00f3n del debate acad\u00e9mico<\/strong>. M\u00e1s all\u00e1 del conocimiento de las reglas, roles y la pr\u00e1ctica del debate acad\u00e9mico, en este bloque se introducir\u00e1 al alumno en las competiciones de debate que habitualmente se desarrollan entre centros escolares e incluso a niveles m\u00e1s generales.<\/li>\n<\/ul>\n<p>[\/et_pb_text][\/et_pb_column][et_pb_column type=\u00bb1_2&#8243; _builder_version=\u00bb4.16&#8243; custom_padding=\u00bb3%||3%||true|false\u00bb global_colors_info=\u00bb{}\u00bb custom_padding__hover=\u00bb|||\u00bb][et_pb_text _builder_version=\u00bb4.16&#8243; _module_preset=\u00bbdefault\u00bb text_font=\u00bb|600|||||||\u00bb text_text_color=\u00bb#FFFFFF\u00bb text_font_size=\u00bb20px\u00bb text_line_height=\u00bb1.6em\u00bb background_color=\u00bb#b52f74&#8243; background_image=\u00bbhttps:\/\/editorialalegoria.com\/web\/wp-content\/uploads\/fondo-oratoria-debate-1.jpg\u00bb background_blend=\u00bbcolor-dodge\u00bb custom_margin=\u00bb15%||30px||false|false\u00bb custom_padding=\u00bb10%|10%|10%|10%|true|true\u00bb global_colors_info=\u00bb{}\u00bb]<\/p>\n<p>Este material forma parte de un proyecto orientado a formar buenos oradores y participantes activos en el debate acad\u00e9mico.<\/p>\n<p>[\/et_pb_text][et_pb_text _builder_version=\u00bb4.16&#8243; _module_preset=\u00bbdefault\u00bb text_font=\u00bb||||||||\u00bb text_text_color=\u00bb#000000&#8243; background_color=\u00bbrgba(219,219,219,0.27)\u00bb background_image=\u00bbhttps:\/\/editorialalegoria.com\/web\/wp-content\/uploads\/img-fondo-literatura-catalogo-1.jpg\u00bb background_blend=\u00bbcolor-dodge\u00bb custom_margin=\u00bb3%||3%||true|false\u00bb custom_padding=\u00bb1.8%|5%|1.8%|5%|true|true\u00bb global_colors_info=\u00bb{}\u00bb]<\/p>\n<p>\u2139\ufe0f Si eres profesor de <a href=\"https:\/\/editorialalegoria.com\/web\/lengua-y-literatura\/\">Lengua castellana y Literatura<\/a> quiz\u00e1s te interese tambi\u00e9n conocer nuestros materiales para impartir Lengua castellana y Literatura en la ESO y en Bachillerato. Entrando en los siguientes enlaces podr\u00e1s solicitar tus muestras:<\/p>\n<h4 style=\"text-align: center;\"><span style=\"font-size: medium;\"><strong><a href=\"https:\/\/editorialalegoria.com\/web\/lengua-y-literatura\/proyecto-isegoria\/\">Proyecto Isegor\u00eda<\/a> \/ <a href=\"https:\/\/editorialalegoria.com\/web\/lengua-y-literatura\/proyecto-alejandria\/\">Proyecto Alejandr\u00eda<\/a><\/strong><\/span><\/h4>\n<p>[\/et_pb_text][\/et_pb_column][\/et_pb_row][et_pb_row _builder_version=\u00bb4.16&#8243; _module_preset=\u00bbdefault\u00bb global_colors_info=\u00bb{}\u00bb][et_pb_column type=\u00bb4_4&#8243; _builder_version=\u00bb4.16&#8243; _module_preset=\u00bbdefault\u00bb global_colors_info=\u00bb{}\u00bb][et_pb_text _builder_version=\u00bb4.16&#8243; text_font=\u00bb|600||on|||||\u00bb text_font_size=\u00bb17px\u00bb text_line_height=\u00bb1.8em\u00bb header_2_font=\u00bb||||||||\u00bb header_2_text_color=\u00bb#b52c86&#8243; header_3_font=\u00bb|600|||||||\u00bb header_3_text_color=\u00bb#b52c86&#8243; header_3_font_size=\u00bb20px\u00bb header_3_line_height=\u00bb1.3em\u00bb background_color=\u00bb#FFFFFF\u00bb max_width_tablet=\u00bb\u00bb max_width_phone=\u00bb\u00bb max_width_last_edited=\u00bbon|desktop\u00bb custom_margin=\u00bb1px||8px||false|false\u00bb custom_padding=\u00bb20px||6px|||\u00bb animation_style=\u00bbfade\u00bb global_colors_info=\u00bb{}\u00bb]<\/p>\n<h2 style=\"text-align: left;\"><b>\u00cdndice de contenidos<\/b><\/h2>\n<h2 style=\"text-align: left;\"><span style=\"font-size: medium;\"><em><b>oratoria y debate 1. nivel iniciaci\u00f3n<\/b><\/em><\/span><\/h2>\n<p>[\/et_pb_text][\/et_pb_column][\/et_pb_row][et_pb_row column_structure=\u00bb1_2,1_2&#8243; _builder_version=\u00bb4.16&#8243; _module_preset=\u00bbdefault\u00bb custom_padding=\u00bb||32px|||\u00bb global_colors_info=\u00bb{}\u00bb][et_pb_column type=\u00bb1_2&#8243; _builder_version=\u00bb4.16&#8243; _module_preset=\u00bbdefault\u00bb global_colors_info=\u00bb{}\u00bb][et_pb_text _builder_version=\u00bb4.16&#8243; text_font=\u00bb||||||||\u00bb text_line_height=\u00bb1.8em\u00bb header_3_font=\u00bb|600|||||||\u00bb header_3_text_color=\u00bb#b52c86&#8243; header_3_font_size=\u00bb20px\u00bb header_3_line_height=\u00bb1.3em\u00bb max_width_tablet=\u00bb\u00bb max_width_phone=\u00bb\u00bb max_width_last_edited=\u00bbon|desktop\u00bb custom_margin=\u00bb||8px||false|false\u00bb animation_style=\u00bbfade\u00bb global_colors_info=\u00bb{}\u00bb]<\/p>\n<h3>Unidad 1. El arte de persuadir<\/h3>\n<ol>\n<li><strong>El discurso persuasivo escrito<\/strong>\n<ol>\n<li>Definici\u00f3n de conceptos b\u00e1sicos<\/li>\n<li>Caracter\u00edsticas del discurso persuasivo<\/li>\n<li>Tipos de discurso persuasivo<\/li>\n<li>An\u00e1lisis de textos resueltos<\/li>\n<\/ol>\n<\/li>\n<li><strong>El discurso persuasivo oral<\/strong>\n<ol>\n<li>Caracter\u00edsticas del lenguaje oral<\/li>\n<li>Gesti\u00f3n de las emociones para hablar en p\u00fablico<\/li>\n<li>An\u00e1lisis resueltos de discursos orales<\/li>\n<\/ol>\n<\/li>\n<\/ol>\n<h3>Unidad 2. La estructura de la argumentaci\u00f3n<\/h3>\n<ol>\n<li><strong>El discurso persuasivo escrito<\/strong>\n<ol>\n<li>Ideas principales e ideas secundarias<\/li>\n<li>Partes de un texto persuasivo<\/li>\n<li>Tipos de estructura<\/li>\n<li>An\u00e1lisis de textos resueltos<\/li>\n<\/ol>\n<\/li>\n<li><strong>El discurso persuasivo oral<\/strong>\n<ol>\n<li>La dicci\u00f3n persuasiva<\/li>\n<li>El lenguaje corporal y la gesti\u00f3n del espacio esc\u00e9nico<\/li>\n<li>An\u00e1lisis resueltos de discursos orales<strong style=\"font-size: 16px;\"><\/strong><\/li>\n<\/ol>\n<\/li>\n<\/ol>\n<h3>Unidad 3. C\u00f3mo argumentar<\/h3>\n<ol>\n<li><strong>El discurso persuasivo escrito<\/strong>\n<ol>\n<li>La argumentaci\u00f3n: tipos de argumentos<\/li>\n<li>An\u00e1lisis de textos resueltos<\/li>\n<\/ol>\n<\/li>\n<li><strong>El discurso persuasivo oral<\/strong>\n<ol>\n<li>La veracidad en la argumentaci\u00f3n<\/li>\n<li>El discurso persuasivo como parte de la cultura democr\u00e1tica<\/li>\n<li>An\u00e1lisis resueltos de discursos orales<\/li>\n<\/ol>\n<\/li>\n<\/ol>\n<p>[\/et_pb_text][et_pb_divider color=\u00bb#494949&#8243; divider_weight=\u00bb2px\u00bb disabled_on=\u00bboff|off|off\u00bb _builder_version=\u00bb4.16&#8243; max_width=\u00bb100px\u00bb module_alignment=\u00bbleft\u00bb height=\u00bb2px\u00bb custom_margin=\u00bb|||\u00bb custom_padding=\u00bb|||\u00bb animation_style=\u00bbfade\u00bb custom_css_main_element=\u00bb||\u00bb locked=\u00bboff\u00bb global_colors_info=\u00bb{}\u00bb][\/et_pb_divider][\/et_pb_column][et_pb_column type=\u00bb1_2&#8243; _builder_version=\u00bb4.16&#8243; _module_preset=\u00bbdefault\u00bb global_colors_info=\u00bb{}\u00bb][et_pb_text _builder_version=\u00bb4.16&#8243; text_font=\u00bb||||||||\u00bb text_line_height=\u00bb1.8em\u00bb header_3_font=\u00bb|600|||||||\u00bb header_3_text_color=\u00bb#b52c86&#8243; header_3_font_size=\u00bb20px\u00bb header_3_line_height=\u00bb1.3em\u00bb max_width_tablet=\u00bb\u00bb max_width_phone=\u00bb\u00bb max_width_last_edited=\u00bbon|desktop\u00bb custom_margin=\u00bb||8px||false|false\u00bb animation_style=\u00bbfade\u00bb global_colors_info=\u00bb{}\u00bb]<\/p>\n<ol><\/ol>\n<h3>Unidad 4. Trampas de la argumentaci\u00f3n: las falacias<\/h3>\n<ol>\n<li><strong>El discurso persuasivo escrito<\/strong>\n<ol>\n<li>Las falacias<\/li>\n<li>An\u00e1lisis de textos resueltos<\/li>\n<\/ol>\n<\/li>\n<li><strong>El discurso persuasivo oral<\/strong>\n<ol>\n<li>Memorizaci\u00f3n del discurso: principales reglas mnemot\u00e9cnicas<\/li>\n<li>An\u00e1lisis e imitaci\u00f3n de discursos c\u00e9lebres orales<\/li>\n<\/ol>\n<\/li>\n<\/ol>\n<h3>Unidad 5. Coherencia, cohesi\u00f3n y adecuaci\u00f3n<\/h3>\n<ol>\n<li><strong>El discurso persuasivo escrito<\/strong>\n<ol>\n<li>Recursos ling\u00fc\u00edsticos del discurso persuasivo<\/li>\n<li>An\u00e1lisis de textos resueltos<\/li>\n<\/ol>\n<\/li>\n<li><strong>El discurso persuasivo oral<\/strong>\n<ol>\n<li>Adecuaci\u00f3n del discurso oral a la situaci\u00f3n comunicativa<\/li>\n<li>Peculiaridades de presentaciones y debates<\/li>\n<\/ol>\n<\/li>\n<\/ol>\n<h3>Unidad 6. Recursos estil\u00edsticos para persuadir<\/h3>\n<ol>\n<li><strong>El discurso persuasivo escrito<\/strong><\/li>\n<li>Figuras ret\u00f3ricas I. Los recursos l\u00e9xico-sem\u00e1nticos<\/li>\n<li>Figuras ret\u00f3ricas II. Los recursos gramaticales y morfosint\u00e1cticos<\/li>\n<li>Investigaci\u00f3n y documentaci\u00f3n<\/li>\n<li>An\u00e1lisis de textos resueltos<\/li>\n<li><strong>El discurso persuasivo oral<\/strong><\/li>\n<li>Uso de herramientas inform\u00e1ticas y audiovisuales en la presentaci\u00f3n oral<\/li>\n<li>An\u00e1lisis de presentaciones orales<\/li>\n<\/ol>\n<p>&nbsp;<\/p>\n<h3><span style=\"font-size: x-large;\">Bloque 3. El debate<\/span><\/h3>\n<p>[\/et_pb_text][\/et_pb_column][\/et_pb_row][et_pb_row column_structure=\u00bb1_2,1_2&#8243; _builder_version=\u00bb4.16&#8243; _module_preset=\u00bbdefault\u00bb global_colors_info=\u00bb{}\u00bb][et_pb_column type=\u00bb1_2&#8243; _builder_version=\u00bb4.16&#8243; _module_preset=\u00bbdefault\u00bb global_colors_info=\u00bb{}\u00bb][et_pb_image src=\u00bbhttps:\/\/editorialalegoria.com\/web\/wp-content\/uploads\/04-oratoria-las-falacias-para-landing_Pagina_01.jpg\u00bb alt=\u00bbOratoria y Debate es un nuevo proyecto de Editorial Alegor\u00eda que pretende aportar los recursos necesarios para impartir esta materia en cualquier comunidad de Espa\u00f1a.\u00bb title_text=\u00bbOratoria y Debate es un nuevo proyecto de Editorial Alegor\u00eda que pretende aportar los recursos necesarios para impartir esta materia en cualquier comunidad de Espa\u00f1a.\u00bb _builder_version=\u00bb4.16&#8243; _module_preset=\u00bbdefault\u00bb global_colors_info=\u00bb{}\u00bb][\/et_pb_image][\/et_pb_column][et_pb_column type=\u00bb1_2&#8243; _builder_version=\u00bb4.16&#8243; _module_preset=\u00bbdefault\u00bb global_colors_info=\u00bb{}\u00bb][et_pb_image src=\u00bbhttps:\/\/editorialalegoria.com\/web\/wp-content\/uploads\/04-oratoria-las-falacias-para-landing_Pagina_03.jpg\u00bb alt=\u00bbOratoria y Debate es un nuevo proyecto de Editorial Alegor\u00eda que pretende aportar los recursos necesarios para impartir esta materia en cualquier comunidad de Espa\u00f1a.\u00bb title_text=\u00bbOratoria y Debate es un nuevo proyecto de Editorial Alegor\u00eda que pretende aportar los recursos necesarios para impartir esta materia en cualquier comunidad de Espa\u00f1a.\u00bb _builder_version=\u00bb4.16&#8243; _module_preset=\u00bbdefault\u00bb global_colors_info=\u00bb{}\u00bb][\/et_pb_image][\/et_pb_column][\/et_pb_row][et_pb_row column_structure=\u00bb1_2,1_2&#8243; _builder_version=\u00bb4.16&#8243; _module_preset=\u00bbdefault\u00bb global_colors_info=\u00bb{}\u00bb][et_pb_column type=\u00bb1_2&#8243; _builder_version=\u00bb4.16&#8243; _module_preset=\u00bbdefault\u00bb global_colors_info=\u00bb{}\u00bb][et_pb_image src=\u00bbhttps:\/\/editorialalegoria.com\/web\/wp-content\/uploads\/04-oratoria-las-falacias-para-landing_Pagina_09.jpg\u00bb alt=\u00bbOratoria y Debate es un nuevo proyecto de Editorial Alegor\u00eda que pretende aportar los recursos necesarios para impartir esta materia en cualquier comunidad de Espa\u00f1a.\u00bb title_text=\u00bbOratoria y Debate es un nuevo proyecto de Editorial Alegor\u00eda que pretende aportar los recursos necesarios para impartir esta materia en cualquier comunidad de Espa\u00f1a.\u00bb _builder_version=\u00bb4.16&#8243; _module_preset=\u00bbdefault\u00bb global_colors_info=\u00bb{}\u00bb][\/et_pb_image][\/et_pb_column][et_pb_column type=\u00bb1_2&#8243; _builder_version=\u00bb4.16&#8243; _module_preset=\u00bbdefault\u00bb global_colors_info=\u00bb{}\u00bb][et_pb_image src=\u00bbhttps:\/\/editorialalegoria.com\/web\/wp-content\/uploads\/04-oratoria-las-falacias-para-landing_Pagina_16.jpg\u00bb alt=\u00bbOratoria y Debate es un nuevo proyecto de Editorial Alegor\u00eda que pretende aportar los recursos necesarios para impartir esta materia en cualquier comunidad de Espa\u00f1a.\u00bb title_text=\u00bbOratoria y Debate es un nuevo proyecto de Editorial Alegor\u00eda que pretende aportar los recursos necesarios para impartir esta materia en cualquier comunidad de Espa\u00f1a.\u00bb _builder_version=\u00bb4.16&#8243; _module_preset=\u00bbdefault\u00bb global_colors_info=\u00bb{}\u00bb][\/et_pb_image][\/et_pb_column][\/et_pb_row][\/et_pb_section][et_pb_section fb_built=\u00bb1&#8243; admin_label=\u00bbSubscribe\u00bb _builder_version=\u00bb4.16&#8243; background_color=\u00bb#F4EDE6&#8243; custom_margin_tablet=\u00bb\u00bb custom_margin_phone=\u00bb0px|0px|0px|0px\u00bb custom_margin_last_edited=\u00bbon|phone\u00bb custom_padding=\u00bb30px|||||\u00bb collapsed=\u00bboff\u00bb global_colors_info=\u00bb{}\u00bb][et_pb_row _builder_version=\u00bb4.16&#8243; custom_padding=\u00bb0px||10px|||\u00bb global_colors_info=\u00bb{}\u00bb][et_pb_column type=\u00bb4_4&#8243; _builder_version=\u00bb4.16&#8243; custom_padding=\u00bb|||\u00bb global_colors_info=\u00bb{}\u00bb custom_padding__hover=\u00bb|||\u00bb][et_pb_divider color=\u00bb#494949&#8243; divider_weight=\u00bb2px\u00bb disabled_on=\u00bboff|off|off\u00bb _builder_version=\u00bb4.16&#8243; max_width=\u00bb100px\u00bb module_alignment=\u00bbcenter\u00bb height=\u00bb2px\u00bb custom_margin=\u00bb|||\u00bb custom_padding=\u00bb|||\u00bb animation_style=\u00bbfade\u00bb custom_css_main_element=\u00bb||\u00bb locked=\u00bboff\u00bb global_colors_info=\u00bb{}\u00bb][\/et_pb_divider][et_pb_text _builder_version=\u00bb4.16&#8243; text_font=\u00bb||||||||\u00bb text_text_color=\u00bb#b52c86&#8243; header_font=\u00bb||||||||\u00bb header_2_font=\u00bbRoboto|700||on|||||\u00bb header_2_text_align=\u00bbcenter\u00bb header_2_text_color=\u00bb#b52c86&#8243; header_2_font_size=\u00bb25px\u00bb header_2_letter_spacing=\u00bb4px\u00bb header_2_line_height=\u00bb1.3em\u00bb module_alignment=\u00bbcenter\u00bb custom_margin=\u00bb27px||10px|||\u00bb custom_padding=\u00bb|||\u00bb animation_style=\u00bbfade\u00bb header_2_font_size_tablet=\u00bb\u00bb header_2_font_size_phone=\u00bb21px\u00bb header_2_font_size_last_edited=\u00bbon|phone\u00bb locked=\u00bboff\u00bb global_colors_info=\u00bb{}\u00bb]<\/p>\n<h2>Solicite ahora un ejemplar de muestra<\/h2>\n<p>[\/et_pb_text][\/et_pb_column][\/et_pb_row][et_pb_row column_structure=\u00bb1_3,1_3,1_3&#8243; _builder_version=\u00bb4.16&#8243; _module_preset=\u00bbdefault\u00bb width=\u00bb60%\u00bb width_tablet=\u00bb\u00bb width_phone=\u00bb90%\u00bb width_last_edited=\u00bbon|phone\u00bb global_colors_info=\u00bb{}\u00bb][et_pb_column type=\u00bb1_3&#8243; _builder_version=\u00bb4.16&#8243; _module_preset=\u00bbdefault\u00bb global_colors_info=\u00bb{}\u00bb][et_pb_image src=\u00bbhttps:\/\/editorialalegoria.com\/web\/wp-content\/uploads\/oratoria-y-debate-1-editorial-alegoria-1.jpg-1.jpg\u00bb alt=\u00bbOratoria y Debate 1. Iniciaci\u00f3n\u00bb title_text=\u00bboratoria-y-debate-1-editorial-alegoria.jpg\u00bb url=\u00bbhttps:\/\/editorialalegoria.com\/web\/libro\/oratoria-y-debate-1-iniciacion\/\u00bb align=\u00bbcenter\u00bb _builder_version=\u00bb4.23.1&#8243; _module_preset=\u00bbdefault\u00bb width=\u00bb100%\u00bb module_alignment=\u00bbcenter\u00bb box_shadow_style=\u00bbpreset1&#8243; global_colors_info=\u00bb{}\u00bb][\/et_pb_image][\/et_pb_column][et_pb_column type=\u00bb1_3&#8243; _builder_version=\u00bb4.16&#8243; _module_preset=\u00bbdefault\u00bb global_colors_info=\u00bb{}\u00bb][et_pb_image src=\u00bbhttps:\/\/editorialalegoria.com\/web\/wp-content\/uploads\/oratoria-y-debate-2-editorial-alegoria.jpg\u00bb title_text=\u00bboratoria-y-debate-2-editorial-alegoria\u00bb url=\u00bbhttps:\/\/editorialalegoria.com\/web\/libro\/oratoria-y-debate-2-nivel-medio\/\u00bb _builder_version=\u00bb4.23.1&#8243; _module_preset=\u00bbdefault\u00bb global_colors_info=\u00bb{}\u00bb][\/et_pb_image][\/et_pb_column][et_pb_column type=\u00bb1_3&#8243; _builder_version=\u00bb4.16&#8243; _module_preset=\u00bbdefault\u00bb global_colors_info=\u00bb{}\u00bb][et_pb_image src=\u00bbhttps:\/\/editorialalegoria.com\/web\/wp-content\/uploads\/Cubierta_ORATORIA-3-avanzado-20243-scaled.jpg\u00bb title_text=\u00bbCubierta_ORATORIA 3 avanzado 20243&#8243; url=\u00bbhttps:\/\/editorialalegoria.com\/web\/libro\/oratoria-y-debate-3-nivel-avanzado\/\u00bb _builder_version=\u00bb4.25.1&#8243; _module_preset=\u00bbdefault\u00bb global_colors_info=\u00bb{}\u00bb][\/et_pb_image][\/et_pb_column][\/et_pb_row][et_pb_row _builder_version=\u00bb4.16&#8243; _module_preset=\u00bbdefault\u00bb global_colors_info=\u00bb{}\u00bb][et_pb_column type=\u00bb4_4&#8243; _builder_version=\u00bb4.16&#8243; _module_preset=\u00bbdefault\u00bb global_colors_info=\u00bb{}\u00bb][et_pb_text _builder_version=\u00bb4.23.1&#8243; _module_preset=\u00bbdefault\u00bb text_text_color=\u00bb#878787&#8243; text_font_size=\u00bb14px\u00bb custom_margin=\u00bb-1px||8px|||\u00bb global_colors_info=\u00bb{}\u00bb]<\/p>\n<p style=\"text-align: center;\">Formato 289 alto x 220 ancho (mm)<\/p>\n<p>[\/et_pb_text][\/et_pb_column][\/et_pb_row][\/et_pb_section][et_pb_section fb_built=\u00bb1&#8243; admin_label=\u00bbSubscribe\u00bb module_id=\u00bbmasinfo\u00bb _builder_version=\u00bb4.16&#8243; background_color=\u00bb#F4EDE6&#8243; custom_margin_tablet=\u00bb\u00bb custom_margin_phone=\u00bb0px|0px|0px|0px\u00bb custom_margin_last_edited=\u00bbon|phone\u00bb custom_padding=\u00bb30px|||||\u00bb collapsed=\u00bboff\u00bb global_colors_info=\u00bb{}\u00bb][et_pb_row _builder_version=\u00bb4.16&#8243; custom_padding=\u00bb0px||10px|||\u00bb global_colors_info=\u00bb{}\u00bb][et_pb_column type=\u00bb4_4&#8243; _builder_version=\u00bb4.16&#8243; custom_padding=\u00bb|||\u00bb global_colors_info=\u00bb{}\u00bb custom_padding__hover=\u00bb|||\u00bb][et_pb_divider color=\u00bb#494949&#8243; divider_weight=\u00bb2px\u00bb disabled_on=\u00bboff|off|off\u00bb _builder_version=\u00bb4.16&#8243; max_width=\u00bb100px\u00bb module_alignment=\u00bbcenter\u00bb height=\u00bb2px\u00bb custom_margin=\u00bb|||\u00bb custom_padding=\u00bb|||\u00bb animation_style=\u00bbfade\u00bb custom_css_main_element=\u00bb||\u00bb locked=\u00bboff\u00bb global_colors_info=\u00bb{}\u00bb][\/et_pb_divider][\/et_pb_column][\/et_pb_row][et_pb_row module_class=\u00bbmasinfo\u00bb _builder_version=\u00bb4.16&#8243; custom_padding=\u00bb0px|||\u00bb global_colors_info=\u00bb{}\u00bb][et_pb_column type=\u00bb4_4&#8243; _builder_version=\u00bb4.16&#8243; custom_padding=\u00bb|||\u00bb global_colors_info=\u00bb{}\u00bb custom_padding__hover=\u00bb|||\u00bb][et_pb_text _builder_version=\u00bb4.25.1&#8243; text_font=\u00bb||||||||\u00bb text_line_height=\u00bb1.8em\u00bb text_orientation=\u00bbcenter\u00bb max_width_tablet=\u00bb\u00bb max_width_phone=\u00bb\u00bb max_width_last_edited=\u00bbon|desktop\u00bb custom_margin=\u00bb18px||22px|||\u00bb animation_style=\u00bbfade\u00bb locked=\u00bboff\u00bb global_colors_info=\u00bb{}\u00bb]<\/p>\n<p>Env\u00edenos sus datos utilizando el siguiente formulario y le llegar\u00e1 informaci\u00f3n sobre nuestros libros.<\/p>\n<p>[\/et_pb_text][et_pb_code disabled_on=\u00bboff|off|off\u00bb _builder_version=\u00bb4.16&#8243; _module_preset=\u00bbdefault\u00bb background_color=\u00bbRGBA(0,0,0,0)\u00bb animation_style=\u00bbzoom\u00bb animation_delay=\u00bb100ms\u00bb global_colors_info=\u00bb{}\u00bb]<iframe frameborder=\"0\" style=\"height:550px;width:100%;border:none;\" src='https:\/\/forms.zohopublic.eu\/editorialalegoria\/form\/FormulariossolicitudOratoria\/formperma\/d2iwtBFnQM78qwj66k_2GBMP6_H2XKaGfZ3yeu33VFg'><\/iframe>[\/et_pb_code][\/et_pb_column][\/et_pb_row][\/et_pb_section]<\/p>\n","protected":false},"excerpt":{"rendered":"<p>Oratoria y Debate es un nuevo proyecto de Editorial Alegor\u00eda que pretende aportar los recursos necesarios para impartir esta materia en cualquier comunidad de Espa\u00f1a.<\/p>\n","protected":false},"author":1,"featured_media":221992,"parent":0,"menu_order":0,"comment_status":"closed","ping_status":"closed","template":"","meta":{"_et_pb_use_builder":"on","_et_pb_old_content":"","_et_gb_content_width":"","footnotes":""},"class_list":["post-221919","page","type-page","status-publish","has-post-thumbnail","hentry"],"_links":{"self":[{"href":"https:\/\/editorialalegoria.com\/web\/wp-json\/wp\/v2\/pages\/221919","targetHints":{"allow":["GET"]}}],"collection":[{"href":"https:\/\/editorialalegoria.com\/web\/wp-json\/wp\/v2\/pages"}],"about":[{"href":"https:\/\/editorialalegoria.com\/web\/wp-json\/wp\/v2\/types\/page"}],"author":[{"embeddable":true,"href":"https:\/\/editorialalegoria.com\/web\/wp-json\/wp\/v2\/users\/1"}],"replies":[{"embeddable":true,"href":"https:\/\/editorialalegoria.com\/web\/wp-json\/wp\/v2\/comments?post=221919"}],"version-history":[{"count":155,"href":"https:\/\/editorialalegoria.com\/web\/wp-json\/wp\/v2\/pages\/221919\/revisions"}],"predecessor-version":[{"id":223864,"href":"https:\/\/editorialalegoria.com\/web\/wp-json\/wp\/v2\/pages\/221919\/revisions\/223864"}],"wp:featuredmedia":[{"embeddable":true,"href":"https:\/\/editorialalegoria.com\/web\/wp-json\/wp\/v2\/media\/221992"}],"wp:attachment":[{"href":"https:\/\/editorialalegoria.com\/web\/wp-json\/wp\/v2\/media?parent=221919"}],"curies":[{"name":"wp","href":"https:\/\/api.w.org\/{rel}","templated":true}]}}